{"id":137,"date":"2018-09-09T14:42:15","date_gmt":"2018-09-09T17:42:15","guid":{"rendered":"http:\/\/santuariodeumbanda.com.br\/site\/?page_id=137"},"modified":"2018-11-14T20:58:51","modified_gmt":"2018-11-14T23:58:51","slug":"cosme-e-damiao","status":"publish","type":"page","link":"https:\/\/santuariodeumbanda.com.br\/site\/locais-para-oferendas\/vale-dos-orixas\/cosme-e-damiao\/","title":{"rendered":"Cosme e Dami\u00e3o"},"content":{"rendered":"<p><a href=\"http:\/\/santuariodeumbanda.com.br\/site\/wp-content\/uploads\/2018\/09\/Cosme-e-Dami\u00e3o-Santu\u00e1rio-Nacional-de-Umbanda-FUGABC.jpg\"><img loading=\"lazy\" decoding=\"async\" class=\"alignright size-medium wp-image-1261\" src=\"http:\/\/santuariodeumbanda.com.br\/site\/wp-content\/uploads\/2018\/09\/Cosme-e-Dami\u00e3o-Santu\u00e1rio-Nacional-de-Umbanda-FUGABC-300x225.jpg\" alt=\"\" width=\"300\" height=\"225\" srcset=\"https:\/\/santuariodeumbanda.com.br\/site\/wp-content\/uploads\/2018\/09\/Cosme-e-Dami\u00e3o-Santu\u00e1rio-Nacional-de-Umbanda-FUGABC-300x225.jpg 300w, https:\/\/santuariodeumbanda.com.br\/site\/wp-content\/uploads\/2018\/09\/Cosme-e-Dami\u00e3o-Santu\u00e1rio-Nacional-de-Umbanda-FUGABC-600x450.jpg 600w, https:\/\/santuariodeumbanda.com.br\/site\/wp-content\/uploads\/2018\/09\/Cosme-e-Dami\u00e3o-Santu\u00e1rio-Nacional-de-Umbanda-FUGABC-768x576.jpg 768w, https:\/\/santuariodeumbanda.com.br\/site\/wp-content\/uploads\/2018\/09\/Cosme-e-Dami\u00e3o-Santu\u00e1rio-Nacional-de-Umbanda-FUGABC.jpg 800w\" sizes=\"(max-width: 300px) 100vw, 300px\" \/><\/a>Cosme e Dami\u00e3o eram g\u00eameos, m\u00e9dicos e mission\u00e1rios que curavam todo tipo de doen\u00e7a gratuitamente. Teriam come\u00e7ado na medicina aos 7 anos e curado muitas pessoas. Por isso, tornaram-se para a Igreja Cat\u00f3lica, patronos dos m\u00e9dicos e farmac\u00eauticos. Eles foram m\u00e1rtires que morreram por aceitar Jesus Cristo como o Salvador.<\/p>\n<p>No <strong>sincretismo religioso,<\/strong>\u00a0al\u00e9m de Cosme e Dami\u00e3o, as crian\u00e7as podem ainda ser associados a S\u00e3o Crispim e S\u00e3o Crispiniano, os irm\u00e3os g\u00eameos de origem romana, que se converteram ao cristianismo na adolesc\u00eancia e tornaram-se os padroeiros dos sapateiros.<\/p>\n<p>Na <strong>tradi\u00e7\u00e3o Iorub\u00e1<\/strong>, Cosme e Dami\u00e3o s\u00e3o o <strong><em>Orix\u00e1<\/em>\u00a0<em>Ibeji ou Ibejis<\/em><\/strong>, filhos g\u00eameos de <a href=\"http:\/\/santuariodeumbanda.com.br\/site\/locais-para-oferendas\/vale-dos-orixas\/iansa\/\" target=\"_blank\" rel=\"noopener\">Inha\u00e7a<\/a> e <a href=\"http:\/\/santuariodeumbanda.com.br\/site\/locais-para-oferendas\/vale-dos-orixas\/xango\/\" target=\"_blank\" rel=\"noopener\">Xang\u00f4<\/a>, que foram criados por <a href=\"http:\/\/santuariodeumbanda.com.br\/site\/locais-para-oferendas\/vale-dos-orixas\/oxum\/\" target=\"_blank\" rel=\"noopener\">Oxum<\/a>. Em outros\u00a0<em>itans<\/em> (hist\u00f3rias mitol\u00f3gicas) Ibejis s\u00e3o filhos de <a href=\"http:\/\/santuariodeumbanda.com.br\/site\/locais-para-oferendas\/vale-dos-orixas\/iemanja\/\" target=\"_blank\" rel=\"noopener\">Iemanj\u00e1<\/a> e eles tiveram um irm\u00e3o chamado <em>Ido\u00fa ou Doum<\/em>, por isso, nas representa\u00e7\u00f5es sincr\u00e9ticas dos g\u00eameos, aparecem tr\u00eas irm\u00e3os, ao inv\u00e9s de dois. Os <em>itans<\/em> contam que eles tinham grandes poderes, inclusive de enganar a morte<em> (icu). <\/em>S\u00e3o crian\u00e7as que adoram brincar mas s\u00e3o muito poderosos pois dominam a magia.<\/p>\n<p>Simbolicamente, Ibejis representam a pureza, a inoc\u00eancia e a bondade. Suas vibra\u00e7\u00f5es s\u00e3o de muita alegria e harmonia. Os cultos africanos introduzidos pelos nag\u00f4s e bantos trouxeram ainda o conceito de transe infantil, denominado <em>Er\u00ea (brincadeira)<\/em>, por isso alguns templos chamam as manifesta\u00e7\u00f5es de esp\u00edritos infantis como <em>Er\u00eas<\/em>, ou simplemente <em>Crian\u00e7as<\/em>.<\/p>\n<p>&nbsp;<\/p>\n<h3><a href=\"http:\/\/santuariodeumbanda.com.br\/site\/wp-content\/uploads\/2018\/09\/Cosme-e-Dami\u00e3o-3-Santu\u00e1rio-Nacional-de-Umbanda-FUGABC.jpg\"><img loading=\"lazy\" decoding=\"async\" class=\"size-medium wp-image-1263 alignleft\" src=\"http:\/\/santuariodeumbanda.com.br\/site\/wp-content\/uploads\/2018\/09\/Cosme-e-Dami\u00e3o-3-Santu\u00e1rio-Nacional-de-Umbanda-FUGABC-300x225.jpg\" alt=\"\" width=\"300\" height=\"225\" srcset=\"https:\/\/santuariodeumbanda.com.br\/site\/wp-content\/uploads\/2018\/09\/Cosme-e-Dami\u00e3o-3-Santu\u00e1rio-Nacional-de-Umbanda-FUGABC-300x225.jpg 300w, https:\/\/santuariodeumbanda.com.br\/site\/wp-content\/uploads\/2018\/09\/Cosme-e-Dami\u00e3o-3-Santu\u00e1rio-Nacional-de-Umbanda-FUGABC-600x450.jpg 600w, https:\/\/santuariodeumbanda.com.br\/site\/wp-content\/uploads\/2018\/09\/Cosme-e-Dami\u00e3o-3-Santu\u00e1rio-Nacional-de-Umbanda-FUGABC-768x576.jpg 768w, https:\/\/santuariodeumbanda.com.br\/site\/wp-content\/uploads\/2018\/09\/Cosme-e-Dami\u00e3o-3-Santu\u00e1rio-Nacional-de-Umbanda-FUGABC.jpg 800w\" sizes=\"(max-width: 300px) 100vw, 300px\" \/><\/a>Oferendas<\/h3>\n<p>Na Bahia \u00e9 tradicional o &#8220;Caruru de Cosme e Dami\u00e3o&#8221; evento em homenagem aos g\u00eameos que acontece uma vez por ano, tanto no Candombl\u00e9 como em algumas linhas de Umbanda. Faz-se o\u00a0caruru completo (comida feita com quiabos) incluindo tamb\u00e9m arroz, pipoca, rapadura, ab\u00f3bora, cocada, acaraj\u00e9, banana da terra frita, farofa de dend\u00ea, galinha cozida, feij\u00e3o fradinho e pa\u00e7oca e oferece-se a 7 crian\u00e7as mais humildes da comunidade, que devem ser convidados para a festa e comer antes dos demais.<\/p>\n<p>Em S\u00e3o Paulo, as homenagens acontecem mais frequentemente com bolos, tortas, doces e refrigerantes. Inclui tamb\u00e9m a oferta de brinquedos, j\u00e1 que os Santos s\u00e3o crian\u00e7as. A distribui\u00e7\u00e3o de doces \u00e9 tradicional, apesar da Igreja Cat\u00f3lica considerar essa pr\u00e1tica profana. O mel \u00e9 sempre utilizado em oferendas tamb\u00e9m.<\/p>\n<p>Dia 27 de setembro \u00e9 o dia deles e o dia da semana \u00e9 domingo. A cor das velas \u00e9 rosa e azul claro. Geralmente, eles incorporam junto com os\u00a0<a href=\"http:\/\/santuariodeumbanda.com.br\/site\/locais-para-oferendas\/casa-dos-pretos-velhos\/\">Pretos-Velhos<\/a>, os quais coordenam os trabalhos espirituais das crian\u00e7as.<\/p>\n","protected":false},"excerpt":{"rendered":"<p>Cosme e Dami\u00e3o eram g\u00eameos, m\u00e9dicos e mission\u00e1rios que curavam todo tipo de doen\u00e7a gratuitamente. Teriam come\u00e7ado na medicina aos 7 anos e curado muitas pessoas. Por isso, tornaram-se para a Igreja Cat\u00f3lica, patronos dos m\u00e9dicos e farmac\u00eauticos. Eles foram m\u00e1rtires que morreram por aceitar Jesus Cristo como o Salvador. No sincretismo religioso,\u00a0al\u00e9m de Cosme [&hellip;]<\/p>\n","protected":false},"author":6,"featured_media":0,"parent":129,"menu_order":3,"comment_status":"closed","ping_status":"closed","template":"","meta":{"footnotes":""},"_links":{"self":[{"href":"https:\/\/santuariodeumbanda.com.br\/site\/wp-json\/wp\/v2\/pages\/137"}],"collection":[{"href":"https:\/\/santuariodeumbanda.com.br\/site\/wp-json\/wp\/v2\/pages"}],"about":[{"href":"https:\/\/santuariodeumbanda.com.br\/site\/wp-json\/wp\/v2\/types\/page"}],"author":[{"embeddable":true,"href":"https:\/\/santuariodeumbanda.com.br\/site\/wp-json\/wp\/v2\/users\/6"}],"replies":[{"embeddable":true,"href":"https:\/\/santuariodeumbanda.com.br\/site\/wp-json\/wp\/v2\/comments?post=137"}],"version-history":[{"count":13,"href":"https:\/\/santuariodeumbanda.com.br\/site\/wp-json\/wp\/v2\/pages\/137\/revisions"}],"predecessor-version":[{"id":1464,"href":"https:\/\/santuariodeumbanda.com.br\/site\/wp-json\/wp\/v2\/pages\/137\/revisions\/1464"}],"up":[{"embeddable":true,"href":"https:\/\/santuariodeumbanda.com.br\/site\/wp-json\/wp\/v2\/pages\/129"}],"wp:attachment":[{"href":"https:\/\/santuariodeumbanda.com.br\/site\/wp-json\/wp\/v2\/media?parent=137"}],"curies":[{"name":"wp","href":"https:\/\/api.w.org\/{rel}","templated":true}]}}