{"id":1880,"date":"2019-03-19T16:18:22","date_gmt":"2019-03-19T19:18:22","guid":{"rendered":"http:\/\/santuariodeumbanda.com.br\/site\/?page_id=1880"},"modified":"2019-03-19T18:02:11","modified_gmt":"2019-03-19T21:02:11","slug":"galeria-visitantes","status":"publish","type":"page","link":"https:\/\/santuariodeumbanda.com.br\/site\/galeria-de-fotos\/galeria-visitantes\/","title":{"rendered":"Galeria Visitantes"},"content":{"rendered":"<div id=\"metaslider-id-1873\" style=\"max-width: 1000px;\" class=\"ml-slider-3-30-1 metaslider metaslider-flex metaslider-1873 ml-slider\">\n    <div id=\"metaslider_container_1873\">\n        <div id=\"metaslider_1873\">\n            <ul aria-live=\"polite\" class=\"slides\">\n                <li style=\"display: block; width: 100%;\" class=\"slide-2773 ms-image\"><img loading=\"lazy\" decoding=\"async\" src=\"https:\/\/santuariodeumbanda.com.br\/site\/wp-content\/uploads\/2020\/09\/PADRAO-FOTO-VISITANTES-portugal-2.jpg\" height=\"780\" width=\"1000\" alt=\"\" class=\"slider-1873 slide-2773\" title=\"PADRAO FOTO VISITANTES portugal 2\" \/><\/li>\n                <li style=\"display: none; width: 100%;\" class=\"slide-2772 ms-image\"><img loading=\"lazy\" decoding=\"async\" src=\"https:\/\/santuariodeumbanda.com.br\/site\/wp-content\/uploads\/2020\/09\/PADRAO-FOTO-VISITANTES-portugal-1.jpg\" height=\"780\" width=\"1000\" alt=\"\" class=\"slider-1873 slide-2772\" title=\"Visitante Portugal no Santu\u00e1rio Nacional da Umbanda - Brasil 1\" \/><\/li>\n                <li style=\"display: none; width: 100%;\" class=\"slide-1920 ms-image\"><img loading=\"lazy\" decoding=\"async\" src=\"https:\/\/santuariodeumbanda.com.br\/site\/wp-content\/uploads\/2019\/04\/Templo-sete-flechas-e-baiano-serverino.jpg\" height=\"780\" width=\"1000\" alt=\"\" class=\"slider-1873 slide-1920\" title=\"Templo sete flechas e baiano serverino\" \/><\/li>\n                <li style=\"display: none; width: 100%;\" class=\"slide-4278 ms-image\"><img loading=\"lazy\" decoding=\"async\" src=\"https:\/\/santuariodeumbanda.com.br\/site\/wp-content\/uploads\/2023\/07\/Nicolle-2-1000x780.jpg\" height=\"780\" width=\"1000\" alt=\"\" class=\"slider-1873 slide-4278\" title=\"Nicolle 2\" \/><\/li>\n                <li style=\"display: none; width: 100%;\" class=\"slide-4279 ms-image\"><img loading=\"lazy\" decoding=\"async\" src=\"https:\/\/santuariodeumbanda.com.br\/site\/wp-content\/uploads\/2023\/07\/Nicolle-1-1000x780.jpg\" height=\"780\" width=\"1000\" alt=\"\" class=\"slider-1873 slide-4279\" title=\"Nicolle 1\" \/><\/li>\n            <\/ul>\n        <\/div>\n        \n    <\/div>\n<\/div>\n<p>Caso deseje ter a foto do seu grupo nesta p\u00e1gina, envie um e-mail para federacaoabc@gmail.com.<\/p>\n<p><strong>As fotos precisam ter boa qualidade.<\/strong> As com resolu\u00e7\u00e3o muito baixa n\u00e3o poder\u00e3o ser publicadas. O tamanho m\u00ednimo da imagem \u00e9 de 1000 x 780 pixels.<\/p>\n<p><strong>No corpo do e-mail autorize a Federa\u00e7\u00e3o e o Santu\u00e1rio a publica\u00e7\u00e3o gratuita de sua imagem.<\/strong> Sugest\u00e3o de texto: &#8220;Eu (seu nome completo) respons\u00e1vel pelo grupo na imagem em anexo autorizo em nome de todo o grupo a Federa\u00e7\u00e3o Umbandista do Grande ABC e o Santu\u00e1rio Nacional da Umbanda a divulgarem esta foto em seu site gratuitamente&#8221;.<\/p>\n<p><strong>Todos os grupos ser\u00e3o bem vindos. Envie sua foto e compartilhe a ideia.<\/strong><\/p>\n","protected":false},"excerpt":{"rendered":"<p>Caso deseje ter a foto do seu grupo nesta p\u00e1gina, envie um e-mail para federacaoabc@gmail.com. As fotos precisam ter boa qualidade. As com resolu\u00e7\u00e3o muito baixa n\u00e3o poder\u00e3o ser publicadas. O tamanho m\u00ednimo da imagem \u00e9 de 1000 x 780 pixels. No corpo do e-mail autorize a Federa\u00e7\u00e3o e o Santu\u00e1rio a publica\u00e7\u00e3o gratuita de [&hellip;]<\/p>\n","protected":false},"author":6,"featured_media":0,"parent":437,"menu_order":4,"comment_status":"closed","ping_status":"closed","template":"","meta":{"footnotes":""},"_links":{"self":[{"href":"https:\/\/santuariodeumbanda.com.br\/site\/wp-json\/wp\/v2\/pages\/1880"}],"collection":[{"href":"https:\/\/santuariodeumbanda.com.br\/site\/wp-json\/wp\/v2\/pages"}],"about":[{"href":"https:\/\/santuariodeumbanda.com.br\/site\/wp-json\/wp\/v2\/types\/page"}],"author":[{"embeddable":true,"href":"https:\/\/santuariodeumbanda.com.br\/site\/wp-json\/wp\/v2\/users\/6"}],"replies":[{"embeddable":true,"href":"https:\/\/santuariodeumbanda.com.br\/site\/wp-json\/wp\/v2\/comments?post=1880"}],"version-history":[{"count":3,"href":"https:\/\/santuariodeumbanda.com.br\/site\/wp-json\/wp\/v2\/pages\/1880\/revisions"}],"predecessor-version":[{"id":1884,"href":"https:\/\/santuariodeumbanda.com.br\/site\/wp-json\/wp\/v2\/pages\/1880\/revisions\/1884"}],"up":[{"embeddable":true,"href":"https:\/\/santuariodeumbanda.com.br\/site\/wp-json\/wp\/v2\/pages\/437"}],"wp:attachment":[{"href":"https:\/\/santuariodeumbanda.com.br\/site\/wp-json\/wp\/v2\/media?parent=1880"}],"curies":[{"name":"wp","href":"https:\/\/api.w.org\/{rel}","templated":true}]}}